{"id":1227,"date":"2018-09-06T21:54:33","date_gmt":"2018-09-06T19:54:33","guid":{"rendered":"http:\/\/klausboegel.de\/?page_id=1227"},"modified":"2025-01-27T14:13:21","modified_gmt":"2025-01-27T13:13:21","slug":"vita","status":"publish","type":"page","link":"https:\/\/www.benjamin-novalis.de\/en\/vita\/","title":{"rendered":"Vita"},"content":{"rendered":"\n<h2 class=\"wp-block-heading has-text-align-left\" id=\"curriculum-vitae\" style=\"text-transform:capitalize\">curriculum vitae<\/h2>\n<div class=\"wp-block-image wp-duotone-unset-1\">\n<figure class=\"alignright size-large is-resized\"><img decoding=\"async\" width=\"778\" height=\"1200\" src=\"https:\/\/www.benjamin-novalis.de\/wp-content\/uploads\/2025\/01\/PORTRAIT_2025WEB-1-von-1-778x1200.jpg\" alt=\"\" class=\"wp-image-2963\" style=\"width:250px\" srcset=\"https:\/\/www.benjamin-novalis.de\/wp-content\/uploads\/2025\/01\/PORTRAIT_2025WEB-1-von-1-778x1200.jpg 778w, https:\/\/www.benjamin-novalis.de\/wp-content\/uploads\/2025\/01\/PORTRAIT_2025WEB-1-von-1-519x800.jpg 519w, https:\/\/www.benjamin-novalis.de\/wp-content\/uploads\/2025\/01\/PORTRAIT_2025WEB-1-von-1-768x1184.jpg 768w, https:\/\/www.benjamin-novalis.de\/wp-content\/uploads\/2025\/01\/PORTRAIT_2025WEB-1-von-1.jpg 908w\" sizes=\"(max-width: 778px) 100vw, 778px\" \/><\/figure><\/div>\n<ul style=\"font-style:normal;font-weight:100\" class=\"wp-block-list has-medium-font-size\">\n<li>geboren in Vilsbiburg [Kreis Landshut], Deutschland <br\/>| born in Vilsbiburg, Germany<\/li>\n\n\n\n<li>1996 Beginn des Studiums [Kunstakademie D\u00fcsseldorf]<br\/>| Beginning of studies at the \u201eKunstakademie D\u00fcsseldorf\u201c [art-academy, D\u00fcsseldorf]<\/li>\n\n\n\n<li>2001 Auszeichnung zum Meistersch\u00fcler, Kunstakademie D\u00fcsseldorf<br\/>| graduation [master of fine arts \u2013 passed with distinction]<\/li>\n\n\n\n<li>seit | since 2001 freischaffender K\u00fcnstler<br\/>| freelancing artist<\/li>\n\n\n\n<li>2001 \u2013 2005 Assistent von Prof. J\u00f6rg Immendorff [2007 gestorben]<br\/>| working as personal assistent to Prof. J\u00f6rg Immendorff [died 2007]<\/li>\n\n\n\n<li>2009 Gr\u00fcndung des \u201eInstitut Rheinumschlag\u201c [Ausstellungs-| Offraum],<br\/>D\u00fcsseldorf [mit T. Pulpanek und F. Jebe]<br\/>| Founding of \u201eInstitut Rheinumschlag\u201c, D\u00fcsseldorf<\/li>\n\n\n\n<li>Dozent an der \u201eAkademie f\u00fcr Mode und Design\u201c [Hochschule Fresenius],<br\/>| Assistant Professor at the \u201eAcademy for Fashion and Design\u201c, D\u00fcsseldorf<\/li>\n<\/ul>\n\n<p class=\"has-medium-font-size\" style=\"font-style:normal;font-weight:100\"><strong>PREISE <\/strong>| Awards<\/p>\n\n<p class=\"has-medium-font-size\" style=\"font-style:normal;font-weight:100\">2022 Kunststiftung NRW, D\u00fcsseldorf<br\/>2021 Katalogf\u00f6rderung, Stadt D\u00fcsseldorf<br\/>2020 Stipendium des Landes NRW<br\/>S\u00cdM, Reykjavik art residency, Island<br\/>2019 Elenka art resideny, Palermo, Italien<br\/>2018 Tare Steigen Air, artist residency in Norwegen | Norway<br\/>2017 Cite\u00b4 internationale des artes, Paris, Frankreich<br\/>2007 ADO-Kunstpreis<br\/>Pienkow 2007 International Art Workshop, Polen<br\/>1999 Markus-L\u00fcpertz-Preis<\/p>\n\n<p class=\"has-medium-font-size\" style=\"font-style:normal;font-weight:100\"><strong>SAMMLUNGEN <\/strong>| collections<br\/>Sammlung Rohner, Deutschland | Germany<br\/>Sammlung Busse und Geitner, Deutschland | Germany<br\/>Sammlung Deutsche Bank, Frankfurt am Main, Deutschland | Germany<br\/>Sammlung ADO International; Gebr. Wulf, Deutschland | Germany<br\/>Sammlung Pienkowski, Polen | Poland<br\/>Sammlung Lepsien ART Foundation | Abu Dhabi | Vereinigte Arabische Emirate und Berlin<br\/>Sammlung \u201eLand NRW\u201c &#8211; \u201eKornelim\u00fcnster Aachen\u201c, Deutschland<br\/>Sammlung Patricia und Jacob Asb\u00e6k, Mallorca | Spain<\/p>\n\n<p class=\"has-medium-font-size\" style=\"font-style:normal;font-weight:100\"><strong>EINZELAUSSTELLUNGEN <\/strong>| solo exhibitions<br\/>2020 \u201eBack from&#8230;\u201c, Atelier am Eck, D\u00fcsseldorf<br\/>2019 &#8220;Vandalen&#8221;, Goethe-Institut, Palermo, Italien<br\/>&#8220;sprawl&#8221;, Haus der Kunst, Palermo, Italien<br\/>2018 \u201eBEN mag PER\u201c, Galerie Roy, Z\u00fclpich | Germany<br\/>2017 \u201eKill Donald Duck\u201c, Haus der Kunst, Palermo, Sizilien | Italien<br\/>&#8220;the_black_spot&#8221;, Cite\u00b4 internationale des artes, Paris, Frankreich<br\/>2016 \u201eIch Chef &#8211; Du Boss&#8221;, SITTart gallery, Offraum D\u00fcsseldorf [mit P. Warrass]<br\/>2015 \u201eOrlando il furioso\u201c, Palermo, QMedia, MainOFF 2015, Sizilien | Italien<br\/>\u201ePaladin\u201c, Gartenpavillion Malkastenverein, D\u00fcsseldorf<br\/>Einzelausstellung Galerie ArtEck, Solingen<br\/>2014 \u201eProfessor Pump and Dr. Skies\u201c, Galerie Roy, Z\u00fclpich | Germany<br\/>\u201eVisions of Black Moses\u201c, Gagarin, D\u00fcsseldorf<br\/>2013 \u201eInstitut &#8211; Ed\u201c [mit Jebe und Pulpanek], Institut f\u00fcr<br\/>skulpturale Peripherie, D\u00fcsseldorf, Germany<br\/>2011 \u201eAufmarsch der Gelben Zwerge\u201c, Galerie Rainer Klimczak,<br\/>Viersen, Germany<br\/>\u201eMoor und Salz\u201c, Galerie Roy, Z\u00fclpich | Germany<br\/>2009 \u201eFrom a Battle I come \u2013 to a Battle I ride\u201c, Haufe Konzept,<br\/>K\u00f6ln | Germany<br\/>2007 \u201eEgo Non\u201c, REIMANN LE B\u00c8GUE GALERIE, D\u00fcsseldorf,<br\/>Germany<br\/>2005 \u201eSt\u00f6rer\u201c, REIMANN LE B\u00c8GUE GALERIE, D\u00fcsseldorf | Germany<br\/>\u201eFlagge zeigen!\u201c, bei Fischer\u00b4s Frische, D\u00fcsseldorf | Germany<\/p>\n<div class=\"wp-block-spacer\" style=\"height: 100px;\" aria-hidden=\"true\"><\/div>\n<p><\/p>\n\n<p><\/p>\n","protected":false},"excerpt":{"rendered":"<p>curriculum vitae PREISE | Awards 2022 Kunststiftung NRW, D\u00fcsseldorf2021 Katalogf\u00f6rderung, Stadt D\u00fcsseldorf2020 Stipendium des Landes NRWS\u00cdM, Reykjavik art residency, Island2019 Elenka art resideny, Palermo, Italien2018 Tare Steigen Air, artist residency in Norwegen | Norway2017 Cite\u00b4 internationale des artes, Paris, Frankreich2007 ADO-KunstpreisPienkow 2007 International Art Workshop, Polen1999 Markus-L\u00fcpertz-Preis SAMMLUNGEN | collectionsSammlung Rohner, Deutschland | GermanySammlung Busse [&hellip;]<\/p>\n","protected":false},"author":2,"featured_media":0,"parent":0,"menu_order":0,"comment_status":"closed","ping_status":"closed","template":"page-templates\/page-full-width.php","meta":{"footnotes":""},"class_list":["post-1227","page","type-page","status-publish","hentry"],"acf":[],"_links":{"self":[{"href":"https:\/\/www.benjamin-novalis.de\/en\/wp-json\/wp\/v2\/pages\/1227","targetHints":{"allow":["GET"]}}],"collection":[{"href":"https:\/\/www.benjamin-novalis.de\/en\/wp-json\/wp\/v2\/pages"}],"about":[{"href":"https:\/\/www.benjamin-novalis.de\/en\/wp-json\/wp\/v2\/types\/page"}],"author":[{"embeddable":true,"href":"https:\/\/www.benjamin-novalis.de\/en\/wp-json\/wp\/v2\/users\/2"}],"replies":[{"embeddable":true,"href":"https:\/\/www.benjamin-novalis.de\/en\/wp-json\/wp\/v2\/comments?post=1227"}],"version-history":[{"count":24,"href":"https:\/\/www.benjamin-novalis.de\/en\/wp-json\/wp\/v2\/pages\/1227\/revisions"}],"predecessor-version":[{"id":2968,"href":"https:\/\/www.benjamin-novalis.de\/en\/wp-json\/wp\/v2\/pages\/1227\/revisions\/2968"}],"wp:attachment":[{"href":"https:\/\/www.benjamin-novalis.de\/en\/wp-json\/wp\/v2\/media?parent=1227"}],"curies":[{"name":"wp","href":"https:\/\/api.w.org\/{rel}","templated":true}]}}